{"id":2981,"date":"2026-03-25T10:18:03","date_gmt":"2026-03-25T09:18:03","guid":{"rendered":"https:\/\/mim-pflegedienst.de\/?page_id=2981"},"modified":"2026-03-25T11:40:38","modified_gmt":"2026-03-25T10:40:38","slug":"pflegeteam","status":"publish","type":"page","link":"https:\/\/mim-pflegedienst.de\/index.php\/pflegeteam\/","title":{"rendered":"Pflegeteam"},"content":{"rendered":"<div id=\"cmsmasters_row_w6mt1f5j7o\" class=\"cmsmasters_row cmsmasters_color_scheme_default cmsmasters_row_top_default cmsmasters_row_bot_default cmsmasters_row_boxed\">\n<div class=\"cmsmasters_row_outer_parent\">\n<div class=\"cmsmasters_row_outer\">\n<div class=\"cmsmasters_row_inner\">\n<div class=\"cmsmasters_row_margin\">\n<div id=\"cmsmasters_column_8klcmynpa8\" class=\"cmsmasters_column one_first\">\n<div class=\"cmsmasters_column_inner\"><\/div><\/div>\n<\/div>\n<\/div>\n<\/div>\n<\/div>\n<\/div>\n<div id=\"cmsmasters_row_ix2pskow14\" class=\"cmsmasters_row cmsmasters_color_scheme_default cmsmasters_row_top_default cmsmasters_row_bot_default cmsmasters_row_boxed\">\n<div class=\"cmsmasters_row_outer_parent\">\n<div class=\"cmsmasters_row_outer\">\n<div class=\"cmsmasters_row_inner\">\n<div class=\"cmsmasters_row_margin\">\n<div id=\"cmsmasters_column_r93p60ysk\" class=\"cmsmasters_column one_first\">\n<div class=\"cmsmasters_column_inner\"><div id=\"cmsmasters_heading_tc2clveewk\" class=\"cmsmasters_heading_wrap cmsmasters_heading_align_center\">\n\t<h2 class=\"cmsmasters_heading\">Unser Pflegeteam<\/h2>\n<\/div>\n<\/div><\/div>\n<\/div>\n<\/div>\n<\/div>\n<\/div>\n<\/div>\n<div id=\"cmsmasters_row_rnf5u602dh\" class=\"cmsmasters_row cmsmasters_color_scheme_default cmsmasters_row_top_default cmsmasters_row_bot_default cmsmasters_row_boxed\">\n<div class=\"cmsmasters_row_outer_parent\">\n<div class=\"cmsmasters_row_outer\">\n<div class=\"cmsmasters_row_inner\">\n<div class=\"cmsmasters_row_margin\">\n<div id=\"cmsmasters_column_8x8ovfpyai\" class=\"cmsmasters_column one_half\">\n<div class=\"cmsmasters_column_inner\"><div class=\"aligncenter\"><div class=\"cmsmasters_img  cmsmasters_image_c kreis\"><img decoding=\"async\" src=\"https:\/\/mim-pflegedienst.de\/wp-content\/uploads\/2026\/03\/rahsan-300x300.jpg\" \/><\/div><\/div><div id=\"cmsmasters_heading_urqx38tyoj\" class=\"cmsmasters_heading_wrap cmsmasters_heading_align_center\" data-animation=\"fadeIn\" data-delay=\"0\">\n\t<h2 class=\"cmsmasters_heading\">Rahsan G\u00f6rg\u00fcl\u00fc<\/h2>\n<\/div><div class=\"cmsmasters_text\">\n<p style=\"text-align: center;\"><strong>\u00dcber mich<\/strong><\/p>\n<p style=\"text-align: center;\">Mein Name ist Rasan G\u00f6rg\u00fcl\u00fc, geboren am 11. August 1979.<br \/>\nSchon mein ganzes Leben lang war es mir ein gro\u00dfes Anliegen, Menschen zu helfen. Besonders \u00e4ltere Menschen lagen mir immer am Herzen. Ihr Lebensweg, ihre Geschichten und ihre Bed\u00fcrfnisse verdienen Respekt, Zeit und echte Zuwendung.<\/p>\n<p style=\"text-align: center;\">Gepr\u00e4gt wurde ich dabei auch durch meine Mutter, die als Altenpflegerin t\u00e4tig war. Durch sie bin ich schon fr\u00fch mit diesem Beruf in Ber\u00fchrung gekommen und habe miterlebt, wie wichtig F\u00fcrsorge, Geduld und Menschlichkeit im Umgang mit \u00e4lteren Menschen sind. Diese Erfahrungen haben meinen Wunsch best\u00e4rkt, selbst in diesem Bereich t\u00e4tig zu werden und Menschen gerade in sensiblen Lebensphasen zu begleiten, ihnen Unterst\u00fctzung zu geben und ihnen mit W\u00fcrde, Vertrauen und echter Zuwendung zur Seite zu stehen.<\/p>\n<p style=\"text-align: center;\">Aus dieser inneren \u00dcberzeugung heraus gr\u00fcndete ich im M\u00e4rz 2021 in Wetzlar das Hand und Herz Sozialwerk. Der Name steht f\u00fcr das, was meine Arbeit ausmacht: Hilfe mit Kompetenz \u2013 und vor allem mit Herz. Es geht nicht nur um Versorgung, sondern um echtes Dasein, Zuh\u00f6ren, Verstehen und Begleiten.<\/p>\n<p style=\"text-align: center;\">Im November 2025 habe ich zus\u00e4tzlich <strong>\u201eMenschen im Mittelpunkt\u201c<\/strong> gegr\u00fcndet, um noch mehr Unterst\u00fctzung anbieten und weitere Menschen erreichen zu k\u00f6nnen. Denn jeder Mensch verdient Aufmerksamkeit, Wertsch\u00e4tzung und individuelle Begleitung \u2013 unabh\u00e4ngig von seiner Lebenssituation.<\/p>\n<p style=\"text-align: center;\">Besonders freut es mich, dass auch meine Tochter, Asya G\u00f6rg\u00fcl\u00fc (geboren am 16. August 2007), diesen Weg mitgehen m\u00f6chte. Sie wird im Sommer ihre Ausbildung bei uns beginnen und ist bereits jetzt in die Organisation beider Unternehmen eingebunden. F\u00fcr mich ist es etwas sehr Sch\u00f6nes zu sehen, dass unsere Werte von Mitgef\u00fchl, Verantwortung und Menschlichkeit in die n\u00e4chste Generation weitergetragen werden.<\/p>\n<p style=\"text-align: center;\">Ein weiterer wichtiger Bestandteil unserer Arbeit ist unser Team: Unsere Mitarbeiterinnen und Mitarbeiter sind hoch motiviert und engagieren sich jeden Tag mit gro\u00dfem Einsatz, Fachkompetenz und Herz f\u00fcr die Menschen, die wir begleiten d\u00fcrfen. Gemeinsam verfolgen wir das Ziel, Unterst\u00fctzung nicht nur anzubieten, sondern sp\u00fcrbar zu machen.<\/p>\n<p style=\"text-align: center;\">Meine Arbeit ist f\u00fcr mich nicht nur ein Beruf, sondern eine Berufung. Ich m\u00f6chte Vertrauen schenken, Lebensqualit\u00e4t erhalten und Angeh\u00f6rige entlasten. Dabei stehen Menschlichkeit, Respekt und Verl\u00e4sslichkeit immer an erster Stelle.<\/p>\n<p style=\"text-align: center;\">Ich bin dankbar f\u00fcr jeden Menschen, den ich ein St\u00fcck seines Weges begleiten darf.<\/p>\n<\/div>\n<\/div><\/div>\n<div id=\"cmsmasters_column_tw1pjmeyv\" class=\"cmsmasters_column one_half\">\n<div class=\"cmsmasters_column_inner\"><div class=\"aligncenter\"><div class=\"cmsmasters_img  cmsmasters_image_c kreis\"><img decoding=\"async\" src=\"https:\/\/mim-pflegedienst.de\/wp-content\/uploads\/2026\/03\/asya-300x300.jpg\" \/><\/div><\/div><div id=\"cmsmasters_heading_55uhaosfvl\" class=\"cmsmasters_heading_wrap cmsmasters_heading_align_center\">\n\t<h2 class=\"cmsmasters_heading\">Asya G\u00f6rg\u00fcl\u00fc<\/h2>\n<\/div><div class=\"cmsmasters_text\">\n<p style=\"text-align: center;\"><strong>\u00dcber mich<\/strong><\/p>\n<p style=\"text-align: center;\">Mein Name ist Asya G\u00f6rg\u00fcl\u00fc, geboren am 16.08.2007.<br \/>\nIch bin im Bereich B\u00fcro- und Managementorganisation t\u00e4tig und unterst\u00fctze aktiv die Unternehmen Hand und Herz Sozialwerk in Wetzlar sowie Mensch im Mittelpunkt in Limburg an der Lahn (Aumenau).<\/p>\n<p style=\"text-align: center;\">Schon fr\u00fch habe ich gemerkt, wie wichtig mir der respektvolle Umgang mit Menschen ist \u2013 insbesondere mit \u00e4lteren Menschen. Ihr Erfahrungsschatz und ihre individuellen Bed\u00fcrfnisse liegen mir sehr am Herzen. Mit Einf\u00fchlungsverm\u00f6gen, Verantwortungsbewusstsein und Engagement bringe ich mich t\u00e4glich in die organisatorischen und administrativen Abl\u00e4ufe ein.<\/p>\n<p style=\"text-align: center;\">Im Bereich B\u00fcromanagement \u00fcbernehme ich strukturierende und unterst\u00fctzende Aufgaben im Hintergrund und sorge f\u00fcr einen reibungslosen Ablauf im B\u00fcroalltag. Ein professionelles Auftreten, Zuverl\u00e4ssigkeit und Teamf\u00e4higkeit sind f\u00fcr mich selbstverst\u00e4ndlich.<\/p>\n<p style=\"text-align: center;\">Ab August 2026 werde ich meine Ausbildung im Betrieb beginnen und meine fachlichen Kenntnisse sowie praktischen F\u00e4higkeiten weiter vertiefen. Ich freue mich darauf, mich langfristig im Unternehmen weiterzuentwickeln und Verantwortung zu \u00fcbernehmen.<\/p>\n<\/div>\n<\/div><\/div>\n<\/div>\n<\/div>\n<\/div>\n<\/div>\n<\/div>\n<div id=\"cmsmasters_row_vwdardory4\" class=\"cmsmasters_row cmsmasters_color_scheme_default cmsmasters_row_top_default cmsmasters_row_bot_default cmsmasters_row_boxed\">\n<div class=\"cmsmasters_row_outer_parent\">\n<div class=\"cmsmasters_row_outer\">\n<div class=\"cmsmasters_row_inner\">\n<div class=\"cmsmasters_row_margin\">\n<div id=\"cmsmasters_column_ouz2cdnrgs\" class=\"cmsmasters_column one_first\">\n<div class=\"cmsmasters_column_inner\"><\/div><\/div>\n<\/div>\n<\/div>\n<\/div>\n<\/div>\n<\/div>\n<div id=\"cmsmasters_row_5v4fw7e4a\" class=\"cmsmasters_row cmsmasters_color_scheme_default cmsmasters_row_top_default cmsmasters_row_bot_default cmsmasters_row_boxed\">\n<div class=\"cmsmasters_row_outer_parent\">\n<div class=\"cmsmasters_row_outer\">\n<div class=\"cmsmasters_row_inner\">\n<div class=\"cmsmasters_row_margin\">\n<div id=\"cmsmasters_column_htu2tbxee\" class=\"cmsmasters_column one_fourth\">\n<div class=\"cmsmasters_column_inner\"><div id=\"cmsmasters_icon_482b7074fk\" class=\"cmsmasters_icon_wrap\"><span class=\"cmsmasters_simple_icon cmsmasters-icon-custom-check-mark\"><\/span><span class=\"cmsmasters_simple_icon_title\"><\/span><\/div>\n<div id=\"cmsmasters_heading_rntkwcca9l\" class=\"cmsmasters_heading_wrap cmsmasters_heading_align_center\">\n\t<h2 class=\"cmsmasters_heading\">Pflegedienst<\/h2>\n<\/div><div class=\"cmsmasters_text\">\n<p style=\"text-align: center;\"><span style=\"color: #fff; font-size: 15px; line-height: 25px; font-weight: 400;\">Wir k\u00fcmmern uns in der medizinischen Pflege um die Gesundheit und das Wohlbefinden der Menschen. Wir messen Blutdruck, verabreichen Medikamente und unterst\u00fctzen bei Behandlungen.<\/span><\/p>\n<\/div>\n<\/div><\/div>\n<div id=\"cmsmasters_column_f7yr54b8vx\" class=\"cmsmasters_column one_fourth\">\n<div class=\"cmsmasters_column_inner\"><div id=\"cmsmasters_icon_iy4s065fzk\" class=\"cmsmasters_icon_wrap\"><span class=\"cmsmasters_simple_icon cmsmasters-icon-custom-home\"><\/span><span class=\"cmsmasters_simple_icon_title\"><\/span><\/div>\n<div id=\"cmsmasters_heading_z178z2w1go\" class=\"cmsmasters_heading_wrap cmsmasters_heading_align_center\">\n\t<h2 class=\"cmsmasters_heading\">Hauswirtschaft<\/h2>\n<\/div><div class=\"cmsmasters_text\">\n<p style=\"text-align: center;\"><span style=\"color: #fff; font-size: 15px; line-height: 25px; font-weight: 400;\">Wir k\u00fcmmern uns in der Hauswirtschaft um alles, was im Haushalt wichtig ist. Wir kochen, reinigen, waschen und organisieren, damit alles gut funktioniert. Dabei achten wir auf Sauberkeit, Ordnung und einen bewussten Umgang mit Ressourcen.<\/span><\/p>\n<\/div>\n<\/div><\/div>\n<div id=\"cmsmasters_column_mrh2opekjw\" class=\"cmsmasters_column one_fourth\">\n<div class=\"cmsmasters_column_inner\"><div id=\"cmsmasters_icon_oji0pmnl8l\" class=\"cmsmasters_icon_wrap\"><span class=\"cmsmasters_simple_icon cmsmasters-icon-custom-heart\"><\/span><span class=\"cmsmasters_simple_icon_title\"><\/span><\/div>\n<div id=\"cmsmasters_heading_qo19wpzp1a\" class=\"cmsmasters_heading_wrap cmsmasters_heading_align_center\">\n\t<h2 class=\"cmsmasters_heading\">Betreuung<\/h2>\n<\/div><div class=\"cmsmasters_text\">\n<p style=\"text-align: center;\"><span style=\"color: #fff; font-size: 15px; line-height: 25px; font-weight: 400;\">Wir begleiten und unterst\u00fctzen \u00e4ltere Menschen im Alltag. Wir helfen bei der Pflege, h\u00f6ren zu, f\u00fchren Gespr\u00e4che und gestalten gemeinsame Aktivit\u00e4ten. Dabei sorgen wir f\u00fcr Wohlbefinden, Sicherheit und ein respektvolles Miteinander.<\/span><\/p>\n<\/div>\n<\/div><\/div>\n<div id=\"cmsmasters_column_8d5027yp9\" class=\"cmsmasters_column one_fourth\">\n<div class=\"cmsmasters_column_inner\"><div id=\"cmsmasters_icon_xxkmcvidgq\" class=\"cmsmasters_icon_wrap\"><span class=\"cmsmasters_simple_icon cmsmasters-icon-custom-cursor\"><\/span><span class=\"cmsmasters_simple_icon_title\"><\/span><\/div>\n<div id=\"cmsmasters_heading_hjnnlcj7dh\" class=\"cmsmasters_heading_wrap cmsmasters_heading_align_center\">\n\t<h2 class=\"cmsmasters_heading\">Pflegemittel<\/h2>\n<\/div><div class=\"cmsmasters_text\">\n<p style=\"text-align: center;\"><span style=\"color: #fff; font-size: 15px; line-height: 25px; font-weight: 400;\">Pflegemittel erleichtern die t\u00e4gliche Pflege und tragen dazu bei, die Hygiene und das Wohlbefinden zu erhalten. Dazu geh\u00f6ren unter anderem Einmalhandschuhe, Desinfektionsmittel, Bettschutzeinlagen, Mundschutz und Schutzsch\u00fcrzen.<\/span><\/p>\n<\/div>\n<\/div><\/div>\n<\/div>\n<\/div>\n<\/div>\n<\/div>\n<\/div>\n<div id=\"cmsmasters_row_43vco2yxkb\" class=\"cmsmasters_row cmsmasters_color_scheme_third cmsmasters_row_top_default cmsmasters_row_bot_default cmsmasters_row_boxed\">\n<div class=\"cmsmasters_row_outer_parent\">\n<div class=\"cmsmasters_row_outer\">\n<div class=\"cmsmasters_row_inner\">\n<div class=\"cmsmasters_row_margin\">\n<div id=\"cmsmasters_column_0xr0fq3nue\" class=\"cmsmasters_column one_first\">\n<div class=\"cmsmasters_column_inner\"><div class=\"cmsmasters_text\">\n<h3 style=\"text-align: center;\"><span style=\"font-size: 28px; line-height: 36px; font-weight: 300;\">Gerne unterst\u00fctzen wir Sie in allen Lebensphasen. <strong>MIM<\/strong>-Pflegedienst<\/span><\/h3>\n<h4 style=\"text-align: center;\">Den bei uns steht der Mensch im Mittelpunkt<\/h4>\n<\/div>\n<\/div><\/div>\n<\/div>\n<\/div>\n<\/div>\n<\/div>\n<\/div>\n\n","protected":false},"excerpt":{"rendered":"","protected":false},"author":1,"featured_media":0,"parent":0,"menu_order":0,"comment_status":"closed","ping_status":"closed","template":"","meta":{"_sitemap_exclude":false,"_sitemap_priority":"","_sitemap_frequency":"","footnotes":""},"class_list":["post-2981","page","type-page","status-publish","hentry"],"_links":{"self":[{"href":"https:\/\/mim-pflegedienst.de\/index.php\/wp-json\/wp\/v2\/pages\/2981","targetHints":{"allow":["GET"]}}],"collection":[{"href":"https:\/\/mim-pflegedienst.de\/index.php\/wp-json\/wp\/v2\/pages"}],"about":[{"href":"https:\/\/mim-pflegedienst.de\/index.php\/wp-json\/wp\/v2\/types\/page"}],"author":[{"embeddable":true,"href":"https:\/\/mim-pflegedienst.de\/index.php\/wp-json\/wp\/v2\/users\/1"}],"replies":[{"embeddable":true,"href":"https:\/\/mim-pflegedienst.de\/index.php\/wp-json\/wp\/v2\/comments?post=2981"}],"version-history":[{"count":7,"href":"https:\/\/mim-pflegedienst.de\/index.php\/wp-json\/wp\/v2\/pages\/2981\/revisions"}],"predecessor-version":[{"id":2997,"href":"https:\/\/mim-pflegedienst.de\/index.php\/wp-json\/wp\/v2\/pages\/2981\/revisions\/2997"}],"wp:attachment":[{"href":"https:\/\/mim-pflegedienst.de\/index.php\/wp-json\/wp\/v2\/media?parent=2981"}],"curies":[{"name":"wp","href":"https:\/\/api.w.org\/{rel}","templated":true}]}}